{"id":449,"date":"2024-07-16T22:53:17","date_gmt":"2024-07-16T20:53:17","guid":{"rendered":"https:\/\/therapie-magid.de\/physiotherapie-paderborn\/?page_id=449"},"modified":"2024-07-16T22:54:22","modified_gmt":"2024-07-16T20:54:22","slug":"karriere","status":"publish","type":"page","link":"https:\/\/therapie-magid.de\/physiotherapie-paderborn\/karriere\/","title":{"rendered":"Karriere"},"content":{"rendered":"\t\t<div data-elementor-type=\"wp-page\" data-elementor-id=\"449\" class=\"elementor elementor-449\" data-elementor-post-type=\"page\">\n\t\t\t\t\t\t<section class=\"elementor-section elementor-top-section elementor-element elementor-element-204ec5b9 elementor-section-height-min-height elementor-section-items-stretch elementor-section-content-bottom elementor-section-boxed elementor-section-height-default\" data-id=\"204ec5b9\" data-element_type=\"section\" data-settings=\"{&quot;background_background&quot;:&quot;classic&quot;}\">\n\t\t\t\t\t\t\t<div class=\"elementor-background-overlay\"><\/div>\n\t\t\t\t\t\t\t<div class=\"elementor-container elementor-column-gap-default\">\n\t\t\t\t\t<div class=\"elementor-column elementor-col-100 elementor-top-column elementor-element elementor-element-5df6c401\" data-id=\"5df6c401\" data-element_type=\"column\">\n\t\t\t<div class=\"elementor-widget-wrap elementor-element-populated\">\n\t\t\t\t\t\t<div class=\"elementor-element elementor-element-2b9ef128 elementor-widget elementor-widget-heading\" data-id=\"2b9ef128\" data-element_type=\"widget\" data-widget_type=\"heading.default\">\n\t\t\t\t<div class=\"elementor-widget-container\">\n\t\t\t<style>\/*! elementor - v3.23.0 - 15-07-2024 *\/\n.elementor-heading-title{padding:0;margin:0;line-height:1}.elementor-widget-heading .elementor-heading-title[class*=elementor-size-]>a{color:inherit;font-size:inherit;line-height:inherit}.elementor-widget-heading .elementor-heading-title.elementor-size-small{font-size:15px}.elementor-widget-heading .elementor-heading-title.elementor-size-medium{font-size:19px}.elementor-widget-heading .elementor-heading-title.elementor-size-large{font-size:29px}.elementor-widget-heading .elementor-heading-title.elementor-size-xl{font-size:39px}.elementor-widget-heading .elementor-heading-title.elementor-size-xxl{font-size:59px}<\/style><h2 class=\"elementor-heading-title elementor-size-default\">Karriere bei der <br>Physio- &amp; Ergotherapie Praxis Magid<\/h2>\t\t<\/div>\n\t\t\t\t<\/div>\n\t\t\t\t\t<\/div>\n\t\t<\/div>\n\t\t\t\t\t<\/div>\n\t\t<\/section>\n\t\t\t\t<section class=\"elementor-section elementor-top-section elementor-element elementor-element-77991af0 elementor-section-content-middle elementor-section-boxed elementor-section-height-default elementor-section-height-default\" data-id=\"77991af0\" data-element_type=\"section\" id=\"l1\" data-settings=\"{&quot;background_background&quot;:&quot;classic&quot;}\">\n\t\t\t\t\t\t\t<div class=\"elementor-background-overlay\"><\/div>\n\t\t\t\t\t\t\t<div class=\"elementor-container elementor-column-gap-wide\">\n\t\t\t\t\t<div class=\"elementor-column elementor-col-100 elementor-top-column elementor-element elementor-element-82e97d5\" data-id=\"82e97d5\" data-element_type=\"column\">\n\t\t\t<div class=\"elementor-widget-wrap elementor-element-populated\">\n\t\t\t\t\t\t<div class=\"elementor-element elementor-element-5cbae9cd elementor-invisible elementor-widget elementor-widget-heading\" data-id=\"5cbae9cd\" data-element_type=\"widget\" data-settings=\"{&quot;_animation&quot;:&quot;fadeIn&quot;,&quot;_animation_delay&quot;:100}\" data-widget_type=\"heading.default\">\n\t\t\t\t<div class=\"elementor-widget-container\">\n\t\t\t<h2 class=\"elementor-heading-title elementor-size-default\">Wir suchen dich!<\/h2>\t\t<\/div>\n\t\t\t\t<\/div>\n\t\t\t\t<div class=\"elementor-element elementor-element-36444df9 elementor-widget elementor-widget-spacer\" data-id=\"36444df9\" data-element_type=\"widget\" data-widget_type=\"spacer.default\">\n\t\t\t\t<div class=\"elementor-widget-container\">\n\t\t\t<style>\/*! elementor - v3.23.0 - 15-07-2024 *\/\n.elementor-column .elementor-spacer-inner{height:var(--spacer-size)}.e-con{--container-widget-width:100%}.e-con-inner>.elementor-widget-spacer,.e-con>.elementor-widget-spacer{width:var(--container-widget-width,var(--spacer-size));--align-self:var(--container-widget-align-self,initial);--flex-shrink:0}.e-con-inner>.elementor-widget-spacer>.elementor-widget-container,.e-con>.elementor-widget-spacer>.elementor-widget-container{height:100%;width:100%}.e-con-inner>.elementor-widget-spacer>.elementor-widget-container>.elementor-spacer,.e-con>.elementor-widget-spacer>.elementor-widget-container>.elementor-spacer{height:100%}.e-con-inner>.elementor-widget-spacer>.elementor-widget-container>.elementor-spacer>.elementor-spacer-inner,.e-con>.elementor-widget-spacer>.elementor-widget-container>.elementor-spacer>.elementor-spacer-inner{height:var(--container-widget-height,var(--spacer-size))}.e-con-inner>.elementor-widget-spacer.elementor-widget-empty,.e-con>.elementor-widget-spacer.elementor-widget-empty{position:relative;min-height:22px;min-width:22px}.e-con-inner>.elementor-widget-spacer.elementor-widget-empty .elementor-widget-empty-icon,.e-con>.elementor-widget-spacer.elementor-widget-empty .elementor-widget-empty-icon{position:absolute;top:0;bottom:0;left:0;right:0;margin:auto;padding:0;width:22px;height:22px}<\/style>\t\t<div class=\"elementor-spacer\">\n\t\t\t<div class=\"elementor-spacer-inner\"><\/div>\n\t\t<\/div>\n\t\t\t\t<\/div>\n\t\t\t\t<\/div>\n\t\t\t\t<section class=\"elementor-section elementor-inner-section elementor-element elementor-element-6424987c envato-kit-141-top-0 elementor-section-full_width elementor-section-height-default elementor-section-height-default\" data-id=\"6424987c\" data-element_type=\"section\">\n\t\t\t\t\t\t<div class=\"elementor-container elementor-column-gap-default\">\n\t\t\t\t\t<div class=\"elementor-column elementor-col-50 elementor-inner-column elementor-element elementor-element-1b379935 elementor-invisible\" data-id=\"1b379935\" data-element_type=\"column\" data-settings=\"{&quot;background_background&quot;:&quot;classic&quot;,&quot;animation&quot;:&quot;fadeIn&quot;,&quot;animation_delay&quot;:100}\">\n\t\t\t<div class=\"elementor-widget-wrap elementor-element-populated\">\n\t\t\t\t\t\t<div class=\"elementor-element elementor-element-3deaea8e elementor-widget elementor-widget-image\" data-id=\"3deaea8e\" data-element_type=\"widget\" data-widget_type=\"image.default\">\n\t\t\t\t<div class=\"elementor-widget-container\">\n\t\t\t<style>\/*! elementor - v3.23.0 - 15-07-2024 *\/\n.elementor-widget-image{text-align:center}.elementor-widget-image a{display:inline-block}.elementor-widget-image a img[src$=\".svg\"]{width:48px}.elementor-widget-image img{vertical-align:middle;display:inline-block}<\/style>\t\t\t\t\t\t\t\t\t\t<img decoding=\"async\" src=\"https:\/\/therapie-magid.de\/wp-content\/uploads\/2023\/08\/Bild-31.08.23-um-07.43-1.jpeg\" title=\"Manuelle Therapie\" alt=\"Manuelle Therapie\" loading=\"lazy\" \/>\t\t\t\t\t\t\t\t\t\t\t\t\t<\/div>\n\t\t\t\t<\/div>\n\t\t\t\t\t<\/div>\n\t\t<\/div>\n\t\t\t\t<div class=\"elementor-column elementor-col-50 elementor-inner-column elementor-element elementor-element-689ff87 elementor-invisible\" data-id=\"689ff87\" data-element_type=\"column\" data-settings=\"{&quot;background_background&quot;:&quot;classic&quot;,&quot;animation&quot;:&quot;fadeIn&quot;,&quot;animation_delay&quot;:100}\">\n\t\t\t<div class=\"elementor-widget-wrap elementor-element-populated\">\n\t\t\t\t\t\t<div class=\"elementor-element elementor-element-57be934 elementor-widget elementor-widget-heading\" data-id=\"57be934\" data-element_type=\"widget\" data-widget_type=\"heading.default\">\n\t\t\t\t<div class=\"elementor-widget-container\">\n\t\t\t<h2 class=\"elementor-heading-title elementor-size-default\">Physiotherapeut (m\/w\/d) in Vollzeit\/Teilzeit\/Mini-Job<\/h2>\t\t<\/div>\n\t\t\t\t<\/div>\n\t\t\t\t<div class=\"elementor-element elementor-element-b6d849e elementor-widget elementor-widget-text-editor\" data-id=\"b6d849e\" data-element_type=\"widget\" data-widget_type=\"text-editor.default\">\n\t\t\t\t<div class=\"elementor-widget-container\">\n\t\t\t<style>\/*! elementor - v3.23.0 - 15-07-2024 *\/\n.elementor-widget-text-editor.elementor-drop-cap-view-stacked .elementor-drop-cap{background-color:#69727d;color:#fff}.elementor-widget-text-editor.elementor-drop-cap-view-framed .elementor-drop-cap{color:#69727d;border:3px solid;background-color:transparent}.elementor-widget-text-editor:not(.elementor-drop-cap-view-default) .elementor-drop-cap{margin-top:8px}.elementor-widget-text-editor:not(.elementor-drop-cap-view-default) .elementor-drop-cap-letter{width:1em;height:1em}.elementor-widget-text-editor .elementor-drop-cap{float:left;text-align:center;line-height:1;font-size:50px}.elementor-widget-text-editor .elementor-drop-cap-letter{display:inline-block}<\/style>\t\t\t\t<p>Zu Verst\u00e4rkung unseres Teams suchen wir ab sofort Physiotherapeuten (m\/w\/d).<\/p><p>Wir bieten dir:<\/p>\t\t\t\t\t\t<\/div>\n\t\t\t\t<\/div>\n\t\t\t\t<div class=\"elementor-element elementor-element-16b848e elementor-icon-list--layout-traditional elementor-list-item-link-full_width elementor-widget elementor-widget-icon-list\" data-id=\"16b848e\" data-element_type=\"widget\" data-widget_type=\"icon-list.default\">\n\t\t\t\t<div class=\"elementor-widget-container\">\n\t\t\t<link rel=\"stylesheet\" href=\"https:\/\/therapie-magid.de\/wp-content\/plugins\/elementor\/assets\/css\/widget-icon-list.min.css\">\t\t<ul class=\"elementor-icon-list-items\">\n\t\t\t\t\t\t\t<li class=\"elementor-icon-list-item\">\n\t\t\t\t\t\t\t\t\t\t\t<span class=\"elementor-icon-list-icon\">\n\t\t\t\t\t\t\t<i aria-hidden=\"true\" class=\"fas fa-check\"><\/i>\t\t\t\t\t\t<\/span>\n\t\t\t\t\t\t\t\t\t\t<span class=\"elementor-icon-list-text\">Einen sicheren Arbeitsplatz mit langfristiger Perspektive in einem freundlichen Team<\/span>\n\t\t\t\t\t\t\t\t\t<\/li>\n\t\t\t\t\t\t\t\t<li class=\"elementor-icon-list-item\">\n\t\t\t\t\t\t\t\t\t\t\t<span class=\"elementor-icon-list-icon\">\n\t\t\t\t\t\t\t<i aria-hidden=\"true\" class=\"fas fa-check\"><\/i>\t\t\t\t\t\t<\/span>\n\t\t\t\t\t\t\t\t\t\t<span class=\"elementor-icon-list-text\">Ein angemessenes, zeitgem\u00e4\u00dfes, monatliches Festgehalt<\/span>\n\t\t\t\t\t\t\t\t\t<\/li>\n\t\t\t\t\t\t\t\t<li class=\"elementor-icon-list-item\">\n\t\t\t\t\t\t\t\t\t\t\t<span class=\"elementor-icon-list-icon\">\n\t\t\t\t\t\t\t<i aria-hidden=\"true\" class=\"fas fa-check\"><\/i>\t\t\t\t\t\t<\/span>\n\t\t\t\t\t\t\t\t\t\t<span class=\"elementor-icon-list-text\">Vielf\u00e4ltige F\u00f6rderung und Weiterbildungsm\u00f6glichkeiten<\/span>\n\t\t\t\t\t\t\t\t\t<\/li>\n\t\t\t\t\t\t\t\t<li class=\"elementor-icon-list-item\">\n\t\t\t\t\t\t\t\t\t\t\t<span class=\"elementor-icon-list-icon\">\n\t\t\t\t\t\t\t<i aria-hidden=\"true\" class=\"fas fa-check\"><\/i>\t\t\t\t\t\t<\/span>\n\t\t\t\t\t\t\t\t\t\t<span class=\"elementor-icon-list-text\">Ein Praxisauto f\u00fcr Hausbesuche<\/span>\n\t\t\t\t\t\t\t\t\t<\/li>\n\t\t\t\t\t\t\t\t<li class=\"elementor-icon-list-item\">\n\t\t\t\t\t\t\t\t\t\t\t<span class=\"elementor-icon-list-icon\">\n\t\t\t\t\t\t\t<i aria-hidden=\"true\" class=\"fas fa-check\"><\/i>\t\t\t\t\t\t<\/span>\n\t\t\t\t\t\t\t\t\t\t<span class=\"elementor-icon-list-text\">Eine Praxis, die jeden Bereich der Physiotherapie abdeckt<\/span>\n\t\t\t\t\t\t\t\t\t<\/li>\n\t\t\t\t\t\t<\/ul>\n\t\t\t\t<\/div>\n\t\t\t\t<\/div>\n\t\t\t\t<div class=\"elementor-element elementor-element-6e0a321 elementor-align-left elementor-widget elementor-widget-button\" data-id=\"6e0a321\" data-element_type=\"widget\" data-widget_type=\"button.default\">\n\t\t\t\t<div class=\"elementor-widget-container\">\n\t\t\t\t\t<div class=\"elementor-button-wrapper\">\n\t\t\t<a class=\"elementor-button elementor-button-link elementor-size-sm\" href=\"mailto:info@therapie-magid.de\">\n\t\t\t\t\t\t<span class=\"elementor-button-content-wrapper\">\n\t\t\t\t\t\t\t\t\t<span class=\"elementor-button-text\">Jetzt bewerben<\/span>\n\t\t\t\t\t<\/span>\n\t\t\t\t\t<\/a>\n\t\t<\/div>\n\t\t\t\t<\/div>\n\t\t\t\t<\/div>\n\t\t\t\t\t<\/div>\n\t\t<\/div>\n\t\t\t\t\t<\/div>\n\t\t<\/section>\n\t\t\t\t<div class=\"elementor-element elementor-element-3bd9779d elementor-widget elementor-widget-spacer\" data-id=\"3bd9779d\" data-element_type=\"widget\" data-widget_type=\"spacer.default\">\n\t\t\t\t<div class=\"elementor-widget-container\">\n\t\t\t\t\t<div class=\"elementor-spacer\">\n\t\t\t<div class=\"elementor-spacer-inner\"><\/div>\n\t\t<\/div>\n\t\t\t\t<\/div>\n\t\t\t\t<\/div>\n\t\t\t\t\t<\/div>\n\t\t<\/div>\n\t\t\t\t\t<\/div>\n\t\t<\/section>\n\t\t\t\t<section class=\"elementor-section elementor-top-section elementor-element elementor-element-76178f98 elementor-section-boxed elementor-section-height-default elementor-section-height-default\" data-id=\"76178f98\" data-element_type=\"section\" id=\"k1\" data-settings=\"{&quot;background_background&quot;:&quot;classic&quot;}\">\n\t\t\t\t\t\t<div class=\"elementor-container elementor-column-gap-default\">\n\t\t\t\t\t<div class=\"elementor-column elementor-col-66 elementor-top-column elementor-element elementor-element-41e05f45\" data-id=\"41e05f45\" data-element_type=\"column\">\n\t\t\t<div class=\"elementor-widget-wrap elementor-element-populated\">\n\t\t\t\t\t\t<div class=\"elementor-element elementor-element-19970c02 animated-slow elementor-invisible elementor-widget elementor-widget-heading\" data-id=\"19970c02\" data-element_type=\"widget\" data-settings=\"{&quot;_animation&quot;:&quot;fadeIn&quot;}\" data-widget_type=\"heading.default\">\n\t\t\t\t<div class=\"elementor-widget-container\">\n\t\t\t<h1 class=\"elementor-heading-title elementor-size-default\">Kontakt<\/h1>\t\t<\/div>\n\t\t\t\t<\/div>\n\t\t\t\t<div class=\"elementor-element elementor-element-44dee707 elementor-widget elementor-widget-text-editor\" data-id=\"44dee707\" data-element_type=\"widget\" data-widget_type=\"text-editor.default\">\n\t\t\t\t<div class=\"elementor-widget-container\">\n\t\t\t\t\t\t\t<p>Standort:<br \/>Pontanusstra\u00dfe 130<br \/>33102 Paderborn<br \/>Im Riemekehof<\/p><p>Telefon: +4952518780372<br \/>Email: info@therapie-magid.de<\/p>\t\t\t\t\t\t<\/div>\n\t\t\t\t<\/div>\n\t\t\t\t<div class=\"elementor-element elementor-element-32330cd0 elementor-invisible elementor-widget elementor-widget-google_maps\" data-id=\"32330cd0\" data-element_type=\"widget\" data-settings=\"{&quot;_animation&quot;:&quot;fadeIn&quot;}\" data-widget_type=\"google_maps.default\">\n\t\t\t\t<div class=\"elementor-widget-container\">\n\t\t\t<style>\/*! elementor - v3.23.0 - 15-07-2024 *\/\n.elementor-widget-google_maps .elementor-widget-container{overflow:hidden}.elementor-widget-google_maps .elementor-custom-embed{line-height:0}.elementor-widget-google_maps iframe{height:300px}<\/style>\t\t<div class=\"elementor-custom-embed\">\n\t\t\t<iframe loading=\"lazy\"\n\t\t\t\t\tsrc=\"https:\/\/maps.google.com\/maps?q=Pontanusstra%C3%9Fe%20130%2033102%20Paderborn%20%20Im%20Riemekehof&#038;t=m&#038;z=10&#038;output=embed&#038;iwloc=near\"\n\t\t\t\t\ttitle=\"Pontanusstra\u00dfe 130 33102 Paderborn  Im Riemekehof\"\n\t\t\t\t\taria-label=\"Pontanusstra\u00dfe 130 33102 Paderborn  Im Riemekehof\"\n\t\t\t><\/iframe>\n\t\t<\/div>\n\t\t\t\t<\/div>\n\t\t\t\t<\/div>\n\t\t\t\t\t<\/div>\n\t\t<\/div>\n\t\t\t\t<div class=\"elementor-column elementor-col-33 elementor-top-column elementor-element elementor-element-1b717b19\" data-id=\"1b717b19\" data-element_type=\"column\" data-settings=\"{&quot;background_background&quot;:&quot;classic&quot;}\">\n\t\t\t<div class=\"elementor-widget-wrap elementor-element-populated\">\n\t\t\t\t\t\t<div class=\"elementor-element elementor-element-14d65cf8 animated-slow elementor-invisible elementor-widget elementor-widget-heading\" data-id=\"14d65cf8\" data-element_type=\"widget\" data-settings=\"{&quot;_animation&quot;:&quot;fadeIn&quot;}\" data-widget_type=\"heading.default\">\n\t\t\t\t<div class=\"elementor-widget-container\">\n\t\t\t<h3 class=\"elementor-heading-title elementor-size-default\">Schreiben Sie uns<\/h3>\t\t<\/div>\n\t\t\t\t<\/div>\n\t\t\t\t<div class=\"elementor-element elementor-element-7a777dac elementor-widget elementor-widget-shortcode\" data-id=\"7a777dac\" data-element_type=\"widget\" data-widget_type=\"shortcode.default\">\n\t\t\t\t<div class=\"elementor-widget-container\">\n\t\t\t\t\t<div class=\"elementor-shortcode\">\n\n<div class=\"wpcf7 no-js\" id=\"wpcf7-f105-o1\" lang=\"de-DE\" dir=\"ltr\">\n<div class=\"screen-reader-response\"><p role=\"status\" aria-live=\"polite\" aria-atomic=\"true\"><\/p> <ul><\/ul><\/div>\n<form action=\"\/physiotherapie-paderborn\/wp-json\/wp\/v2\/pages\/449#wpcf7-f105-o1\" method=\"post\" class=\"wpcf7-form init\" aria-label=\"Kontaktformular\" novalidate=\"novalidate\" data-status=\"init\">\n<div style=\"display: none;\">\n<input type=\"hidden\" name=\"_wpcf7\" value=\"105\" \/>\n<input type=\"hidden\" name=\"_wpcf7_version\" value=\"5.8\" \/>\n<input type=\"hidden\" name=\"_wpcf7_locale\" value=\"de_DE\" \/>\n<input type=\"hidden\" name=\"_wpcf7_unit_tag\" value=\"wpcf7-f105-o1\" \/>\n<input type=\"hidden\" name=\"_wpcf7_container_post\" value=\"0\" \/>\n<input type=\"hidden\" name=\"_wpcf7_posted_data_hash\" value=\"\" \/>\n<\/div>\n<p><label> Dein Name<br \/>\n<span class=\"wpcf7-form-control-wrap\" data-name=\"your-name\"><input size=\"40\" class=\"wpcf7-form-control wpcf7-text wpcf7-validates-as-required\" autocomplete=\"name\" aria-required=\"true\" aria-invalid=\"false\" value=\"\" type=\"text\" name=\"your-name\" \/><\/span> <\/label>\n<\/p>\n<p><label> Deine E-Mail-Adresse<br \/>\n<span class=\"wpcf7-form-control-wrap\" data-name=\"your-email\"><input size=\"40\" class=\"wpcf7-form-control wpcf7-email wpcf7-validates-as-required wpcf7-text wpcf7-validates-as-email\" autocomplete=\"email\" aria-required=\"true\" aria-invalid=\"false\" value=\"\" type=\"email\" name=\"your-email\" \/><\/span> <\/label>\n<\/p>\n<p><label> Betreff<br \/>\n<span class=\"wpcf7-form-control-wrap\" data-name=\"your-subject\"><input size=\"40\" class=\"wpcf7-form-control wpcf7-text wpcf7-validates-as-required\" aria-required=\"true\" aria-invalid=\"false\" value=\"\" type=\"text\" name=\"your-subject\" \/><\/span> <\/label>\n<\/p>\n<p><label> Deine Nachricht (optional)<br \/>\n<span class=\"wpcf7-form-control-wrap\" data-name=\"your-message\"><textarea cols=\"40\" rows=\"10\" class=\"wpcf7-form-control wpcf7-textarea\" aria-invalid=\"false\" name=\"your-message\"><\/textarea><\/span> <\/label>\n<\/p>\n<p><input class=\"wpcf7-form-control wpcf7-submit has-spinner\" type=\"submit\" value=\"Senden\" \/>\n<\/p><div class=\"wpcf7-response-output\" aria-hidden=\"true\"><\/div>\n<\/form>\n<\/div>\n<\/div>\n\t\t\t\t<\/div>\n\t\t\t\t<\/div>\n\t\t\t\t\t<\/div>\n\t\t<\/div>\n\t\t\t\t\t<\/div>\n\t\t<\/section>\n\t\t\t\t<section class=\"elementor-section elementor-top-section elementor-element elementor-element-5d415757 elementor-section-boxed elementor-section-height-default elementor-section-height-default\" data-id=\"5d415757\" data-element_type=\"section\">\n\t\t\t\t\t\t<div class=\"elementor-container elementor-column-gap-default\">\n\t\t\t\t\t<div class=\"elementor-column elementor-col-100 elementor-top-column elementor-element elementor-element-6b901b98\" data-id=\"6b901b98\" data-element_type=\"column\">\n\t\t\t<div class=\"elementor-widget-wrap\">\n\t\t\t\t\t\t\t<\/div>\n\t\t<\/div>\n\t\t\t\t\t<\/div>\n\t\t<\/section>\n\t\t\t\t<\/div>\n\t\t","protected":false},"excerpt":{"rendered":"<p>Karriere bei der Physio- &amp; Ergotherapie Praxis Magid Wir suchen dich! Physiotherapeut (m\/w\/d) in Vollzeit\/Teilzeit\/Mini-Job Zu Verst\u00e4rkung unseres Teams suchen wir ab sofort Physiotherapeuten (m\/w\/d). Wir bieten dir: Einen sicheren Arbeitsplatz mit langfristiger Perspektive in einem freundlichen Team Ein angemessenes, zeitgem\u00e4\u00dfes, monatliches Festgehalt Vielf\u00e4ltige F\u00f6rderung und Weiterbildungsm\u00f6glichkeiten Ein Praxisauto f\u00fcr Hausbesuche Eine Praxis, die jeden [&hellip;]<\/p>\n","protected":false},"author":1,"featured_media":0,"parent":0,"menu_order":0,"comment_status":"closed","ping_status":"closed","template":"","meta":{"footnotes":""},"class_list":["post-449","page","type-page","status-publish","hentry"],"yoast_head":"<!-- This site is optimized with the Yoast SEO plugin v22.4 - https:\/\/yoast.com\/wordpress\/plugins\/seo\/ -->\n<title>Karriere - therapie-magid.de<\/title>\n<meta name=\"robots\" content=\"index, follow, max-snippet:-1, max-image-preview:large, max-video-preview:-1\" \/>\n<link rel=\"canonical\" href=\"https:\/\/therapie-magid.de\/physiotherapie-paderborn\/karriere\/\" \/>\n<meta property=\"og:locale\" content=\"de_DE\" \/>\n<meta property=\"og:type\" content=\"article\" \/>\n<meta property=\"og:title\" content=\"Karriere - therapie-magid.de\" \/>\n<meta property=\"og:description\" content=\"Karriere bei der Physio- &amp; Ergotherapie Praxis Magid Wir suchen dich! Physiotherapeut (m\/w\/d) in Vollzeit\/Teilzeit\/Mini-Job Zu Verst\u00e4rkung unseres Teams suchen wir ab sofort Physiotherapeuten (m\/w\/d). Wir bieten dir: Einen sicheren Arbeitsplatz mit langfristiger Perspektive in einem freundlichen Team Ein angemessenes, zeitgem\u00e4\u00dfes, monatliches Festgehalt Vielf\u00e4ltige F\u00f6rderung und Weiterbildungsm\u00f6glichkeiten Ein Praxisauto f\u00fcr Hausbesuche Eine Praxis, die jeden [&hellip;]\" \/>\n<meta property=\"og:url\" content=\"https:\/\/therapie-magid.de\/physiotherapie-paderborn\/karriere\/\" \/>\n<meta property=\"og:site_name\" content=\"therapie-magid.de\" \/>\n<meta property=\"article:modified_time\" content=\"2024-07-16T20:54:22+00:00\" \/>\n<meta property=\"og:image\" content=\"http:\/\/therapie-magid.de\/wp-content\/uploads\/elementor\/thumbs\/Bild-31.08.23-um-07.43-1-qbpj3g2n72nq2rsdc8xfugw285nlztwztnpz2g7stc.jpeg\" \/>\n<meta name=\"twitter:card\" content=\"summary_large_image\" \/>\n<meta name=\"twitter:label1\" content=\"Gesch\u00e4tzte Lesezeit\" \/>\n\t<meta name=\"twitter:data1\" content=\"1\u00a0Minute\" \/>\n<script type=\"application\/ld+json\" class=\"yoast-schema-graph\">{\"@context\":\"https:\/\/schema.org\",\"@graph\":[{\"@type\":\"WebPage\",\"@id\":\"https:\/\/therapie-magid.de\/physiotherapie-paderborn\/karriere\/\",\"url\":\"https:\/\/therapie-magid.de\/physiotherapie-paderborn\/karriere\/\",\"name\":\"Karriere - therapie-magid.de\",\"isPartOf\":{\"@id\":\"https:\/\/therapie-magid.de\/physiotherapie-paderborn\/#website\"},\"primaryImageOfPage\":{\"@id\":\"https:\/\/therapie-magid.de\/physiotherapie-paderborn\/karriere\/#primaryimage\"},\"image\":{\"@id\":\"https:\/\/therapie-magid.de\/physiotherapie-paderborn\/karriere\/#primaryimage\"},\"thumbnailUrl\":\"http:\/\/therapie-magid.de\/wp-content\/uploads\/elementor\/thumbs\/Bild-31.08.23-um-07.43-1-qbpj3g2n72nq2rsdc8xfugw285nlztwztnpz2g7stc.jpeg\",\"datePublished\":\"2024-07-16T20:53:17+00:00\",\"dateModified\":\"2024-07-16T20:54:22+00:00\",\"breadcrumb\":{\"@id\":\"https:\/\/therapie-magid.de\/physiotherapie-paderborn\/karriere\/#breadcrumb\"},\"inLanguage\":\"de\",\"potentialAction\":[{\"@type\":\"ReadAction\",\"target\":[\"https:\/\/therapie-magid.de\/physiotherapie-paderborn\/karriere\/\"]}]},{\"@type\":\"ImageObject\",\"inLanguage\":\"de\",\"@id\":\"https:\/\/therapie-magid.de\/physiotherapie-paderborn\/karriere\/#primaryimage\",\"url\":\"http:\/\/therapie-magid.de\/wp-content\/uploads\/elementor\/thumbs\/Bild-31.08.23-um-07.43-1-qbpj3g2n72nq2rsdc8xfugw285nlztwztnpz2g7stc.jpeg\",\"contentUrl\":\"http:\/\/therapie-magid.de\/wp-content\/uploads\/elementor\/thumbs\/Bild-31.08.23-um-07.43-1-qbpj3g2n72nq2rsdc8xfugw285nlztwztnpz2g7stc.jpeg\"},{\"@type\":\"BreadcrumbList\",\"@id\":\"https:\/\/therapie-magid.de\/physiotherapie-paderborn\/karriere\/#breadcrumb\",\"itemListElement\":[{\"@type\":\"ListItem\",\"position\":1,\"name\":\"Startseite\",\"item\":\"https:\/\/therapie-magid.de\/physiotherapie-paderborn\/\"},{\"@type\":\"ListItem\",\"position\":2,\"name\":\"Karriere\"}]},{\"@type\":\"WebSite\",\"@id\":\"https:\/\/therapie-magid.de\/physiotherapie-paderborn\/#website\",\"url\":\"https:\/\/therapie-magid.de\/physiotherapie-paderborn\/\",\"name\":\"therapie-magid.de\",\"description\":\"\",\"potentialAction\":[{\"@type\":\"SearchAction\",\"target\":{\"@type\":\"EntryPoint\",\"urlTemplate\":\"https:\/\/therapie-magid.de\/physiotherapie-paderborn\/?s={search_term_string}\"},\"query-input\":\"required name=search_term_string\"}],\"inLanguage\":\"de\"}]}<\/script>\n<!-- \/ Yoast SEO plugin. -->","yoast_head_json":{"title":"Karriere - therapie-magid.de","robots":{"index":"index","follow":"follow","max-snippet":"max-snippet:-1","max-image-preview":"max-image-preview:large","max-video-preview":"max-video-preview:-1"},"canonical":"https:\/\/therapie-magid.de\/physiotherapie-paderborn\/karriere\/","og_locale":"de_DE","og_type":"article","og_title":"Karriere - therapie-magid.de","og_description":"Karriere bei der Physio- &amp; Ergotherapie Praxis Magid Wir suchen dich! Physiotherapeut (m\/w\/d) in Vollzeit\/Teilzeit\/Mini-Job Zu Verst\u00e4rkung unseres Teams suchen wir ab sofort Physiotherapeuten (m\/w\/d). Wir bieten dir: Einen sicheren Arbeitsplatz mit langfristiger Perspektive in einem freundlichen Team Ein angemessenes, zeitgem\u00e4\u00dfes, monatliches Festgehalt Vielf\u00e4ltige F\u00f6rderung und Weiterbildungsm\u00f6glichkeiten Ein Praxisauto f\u00fcr Hausbesuche Eine Praxis, die jeden [&hellip;]","og_url":"https:\/\/therapie-magid.de\/physiotherapie-paderborn\/karriere\/","og_site_name":"therapie-magid.de","article_modified_time":"2024-07-16T20:54:22+00:00","og_image":[{"url":"http:\/\/therapie-magid.de\/wp-content\/uploads\/elementor\/thumbs\/Bild-31.08.23-um-07.43-1-qbpj3g2n72nq2rsdc8xfugw285nlztwztnpz2g7stc.jpeg"}],"twitter_card":"summary_large_image","twitter_misc":{"Gesch\u00e4tzte Lesezeit":"1\u00a0Minute"},"schema":{"@context":"https:\/\/schema.org","@graph":[{"@type":"WebPage","@id":"https:\/\/therapie-magid.de\/physiotherapie-paderborn\/karriere\/","url":"https:\/\/therapie-magid.de\/physiotherapie-paderborn\/karriere\/","name":"Karriere - therapie-magid.de","isPartOf":{"@id":"https:\/\/therapie-magid.de\/physiotherapie-paderborn\/#website"},"primaryImageOfPage":{"@id":"https:\/\/therapie-magid.de\/physiotherapie-paderborn\/karriere\/#primaryimage"},"image":{"@id":"https:\/\/therapie-magid.de\/physiotherapie-paderborn\/karriere\/#primaryimage"},"thumbnailUrl":"http:\/\/therapie-magid.de\/wp-content\/uploads\/elementor\/thumbs\/Bild-31.08.23-um-07.43-1-qbpj3g2n72nq2rsdc8xfugw285nlztwztnpz2g7stc.jpeg","datePublished":"2024-07-16T20:53:17+00:00","dateModified":"2024-07-16T20:54:22+00:00","breadcrumb":{"@id":"https:\/\/therapie-magid.de\/physiotherapie-paderborn\/karriere\/#breadcrumb"},"inLanguage":"de","potentialAction":[{"@type":"ReadAction","target":["https:\/\/therapie-magid.de\/physiotherapie-paderborn\/karriere\/"]}]},{"@type":"ImageObject","inLanguage":"de","@id":"https:\/\/therapie-magid.de\/physiotherapie-paderborn\/karriere\/#primaryimage","url":"http:\/\/therapie-magid.de\/wp-content\/uploads\/elementor\/thumbs\/Bild-31.08.23-um-07.43-1-qbpj3g2n72nq2rsdc8xfugw285nlztwztnpz2g7stc.jpeg","contentUrl":"http:\/\/therapie-magid.de\/wp-content\/uploads\/elementor\/thumbs\/Bild-31.08.23-um-07.43-1-qbpj3g2n72nq2rsdc8xfugw285nlztwztnpz2g7stc.jpeg"},{"@type":"BreadcrumbList","@id":"https:\/\/therapie-magid.de\/physiotherapie-paderborn\/karriere\/#breadcrumb","itemListElement":[{"@type":"ListItem","position":1,"name":"Startseite","item":"https:\/\/therapie-magid.de\/physiotherapie-paderborn\/"},{"@type":"ListItem","position":2,"name":"Karriere"}]},{"@type":"WebSite","@id":"https:\/\/therapie-magid.de\/physiotherapie-paderborn\/#website","url":"https:\/\/therapie-magid.de\/physiotherapie-paderborn\/","name":"therapie-magid.de","description":"","potentialAction":[{"@type":"SearchAction","target":{"@type":"EntryPoint","urlTemplate":"https:\/\/therapie-magid.de\/physiotherapie-paderborn\/?s={search_term_string}"},"query-input":"required name=search_term_string"}],"inLanguage":"de"}]}},"_links":{"self":[{"href":"https:\/\/therapie-magid.de\/physiotherapie-paderborn\/wp-json\/wp\/v2\/pages\/449","targetHints":{"allow":["GET"]}}],"collection":[{"href":"https:\/\/therapie-magid.de\/physiotherapie-paderborn\/wp-json\/wp\/v2\/pages"}],"about":[{"href":"https:\/\/therapie-magid.de\/physiotherapie-paderborn\/wp-json\/wp\/v2\/types\/page"}],"author":[{"embeddable":true,"href":"https:\/\/therapie-magid.de\/physiotherapie-paderborn\/wp-json\/wp\/v2\/users\/1"}],"replies":[{"embeddable":true,"href":"https:\/\/therapie-magid.de\/physiotherapie-paderborn\/wp-json\/wp\/v2\/comments?post=449"}],"version-history":[{"count":8,"href":"https:\/\/therapie-magid.de\/physiotherapie-paderborn\/wp-json\/wp\/v2\/pages\/449\/revisions"}],"predecessor-version":[{"id":457,"href":"https:\/\/therapie-magid.de\/physiotherapie-paderborn\/wp-json\/wp\/v2\/pages\/449\/revisions\/457"}],"wp:attachment":[{"href":"https:\/\/therapie-magid.de\/physiotherapie-paderborn\/wp-json\/wp\/v2\/media?parent=449"}],"curies":[{"name":"wp","href":"https:\/\/api.w.org\/{rel}","templated":true}]}}